{"id":161,"date":"2020-02-27T15:50:25","date_gmt":"2020-02-27T14:50:25","guid":{"rendered":"http:\/\/ornamentasacra.kikirpa.be\/?page_id=161"},"modified":"2021-10-06T13:41:42","modified_gmt":"2021-10-06T12:41:42","slug":"rites","status":"publish","type":"page","link":"https:\/\/ornamentasacra.kikirpa.be\/?page_id=161&lang=fr","title":{"rendered":"Rites"},"content":{"rendered":"\n<div class=\"wp-block-group alignwide\"><div class=\"wp-block-group__inner-container is-layout-flow wp-block-group-is-layout-flow\">\n<p>Tous les objets liturgiques avaient pour mission de servir le culte. C\u2019est dans ce cadre rituel qu\u2019ils ont \u00e9t\u00e9 cr\u00e9\u00e9s, utilis\u00e9s et qu\u2019ils sont parvenus jusqu\u2019\u00e0 nous, qu\u2019ils y aient \u00e9t\u00e9 sacralis\u00e9s ou profan\u00e9s, exhib\u00e9s ou cach\u00e9s, restaur\u00e9s ou modifi\u00e9s.<\/p>\n\n\n\n<p>Comprendre les objets liturgiques suppose donc de les ancrer dans le contexte rituel au sein duquel ils prennent tout leur sens. Cela suppose d\u2019envisager ces objets au c\u0153ur d\u2019un syst\u00e8me d\u2019actions successives et hi\u00e9rarchis\u00e9es, comportant ses gestes et ses formules r\u00e9p\u00e9t\u00e9s de mani\u00e8re solennelle, ses sons et ses odeurs, et \u00e0 travers l\u2019espace et le temps dans lesquels il se d\u00e9ploie. Il en est ainsi de tous les rituels&nbsp;: une suite d\u2019objets, d\u2019actions et de sons activ\u00e9e par un groupe social \u00e0 des fins symboliques. Au sein de la liturgie, qui est l\u2019ensemble des rites mis en place par l\u2019\u00c9glise catholique, cette suite ordonn\u00e9e d\u2019actions symboliques permet une communication avec le divin.<\/p>\n\n\n\n<div style=\"height:100px\" aria-hidden=\"true\" class=\"wp-block-spacer\"><\/div>\n\n\n\n<div class=\"wp-block-media-text alignwide is-vertically-aligned-center\" style=\"grid-template-columns:22% auto\"><figure class=\"wp-block-media-text__media\"><img loading=\"lazy\" decoding=\"async\" width=\"605\" height=\"850\" src=\"http:\/\/ornamentasacra.kikirpa.be\/wp-content\/uploads\/2020\/03\/messeX057690.jpg\" alt=\"\" class=\"wp-image-423 size-full\"\/><\/figure><div class=\"wp-block-media-text__content\">\n<p class=\"has-medium-font-size\"><strong>Statut et fonction des objets liturgiques<\/strong><\/p>\n\n\n\n<ul class=\"wp-block-list\"><li><a href=\"http:\/\/ornamentasacra.kikirpa.be\/index.php\/fr\/statutetfonction\/\"><strong>Servir le rituel <\/strong><\/a><\/li><li><a href=\"http:\/\/ornamentasacra.kikirpa.be\/index.php\/fr\/ornerpourhonorer\/\"><strong>Orner pour honorer<\/strong><\/a><\/li><li><a href=\"http:\/\/ornamentasacra.kikirpa.be\/index.php\/fr\/symboliser\/\"><strong>Symboliser<\/strong><\/a><\/li><\/ul>\n\n\n\n<div class=\"wp-block-button\"><a class=\"wp-block-button__link has-background\" href=\"http:\/\/ornamentasacra.kikirpa.be\/index.php\/fr\/statutetfonction\/\" style=\"background-color:#deb543\" rel=\"\">En savoir plus&#8230;<\/a><\/div>\n\n\n\n<div style=\"height:100px\" aria-hidden=\"true\" class=\"wp-block-spacer\"><\/div>\n<\/div><\/div>\n\n\n\n<div style=\"height:110px\" aria-hidden=\"true\" class=\"wp-block-spacer\"><\/div>\n\n\n\n<div class=\"wp-block-media-text alignwide is-vertically-aligned-center\" style=\"grid-template-columns:22% auto\"><figure class=\"wp-block-media-text__media\"><img loading=\"lazy\" decoding=\"async\" width=\"603\" height=\"850\" src=\"http:\/\/ornamentasacra.kikirpa.be\/wp-content\/uploads\/2020\/03\/KM007287.jpg\" alt=\"\" class=\"wp-image-435 size-full\"\/><\/figure><div class=\"wp-block-media-text__content\">\n<p class=\"has-medium-font-size\"><strong>Les temps forts de la liturgie<\/strong><\/p>\n\n\n\n<ul class=\"wp-block-list\"><li><strong><a href=\"http:\/\/ornamentasacra.kikirpa.be\/index.php\/fr\/les-temps-forts-de-la-liturgie\/\" data-type=\"page\" data-id=\"697\">Les temps forts de la liturgie<\/a><\/strong><\/li><li><strong><a href=\"http:\/\/ornamentasacra.kikirpa.be\/index.php\/fr\/leucharistie-point-culminant-de-la-messe\/\" data-type=\"page\" data-id=\"815\">L\u2019eucharistie : point culminant de la messe<\/a><\/strong><\/li><li><strong><a href=\"http:\/\/ornamentasacra.kikirpa.be\/index.php\/fr\/une-couleur-pour-chaque-fete-et-chaque-temps-de-lannee\/\" data-type=\"page\" data-id=\"837\">Une couleur pour chaque f\u00eate et chaque temps de l\u2019ann\u00e9e<\/a><\/strong><\/li><li><strong><a href=\"http:\/\/ornamentasacra.kikirpa.be\/index.php\/fr\/le-temps-extraordinaire-des-ceremonies-spectaculaires\/\" data-type=\"page\" data-id=\"842\">Le temps extraordinaire des c\u00e9r\u00e9monies spectaculaires<\/a><\/strong><\/li><\/ul>\n\n\n\n<div class=\"wp-block-button\"><a class=\"wp-block-button__link has-background\" href=\"http:\/\/ornamentasacra.kikirpa.be\/index.php\/fr\/les-temps-forts-de-la-liturgie\/\" style=\"background-color:#deb543\">En savoir plus&#8230;<\/a><\/div>\n\n\n\n<div style=\"height:100px\" aria-hidden=\"true\" class=\"wp-block-spacer\"><\/div>\n<\/div><\/div>\n\n\n\n<div style=\"height:110px\" aria-hidden=\"true\" class=\"wp-block-spacer\"><\/div>\n\n\n\n<div class=\"wp-block-media-text alignwide is-vertically-aligned-center\" style=\"grid-template-columns:22% auto\"><figure class=\"wp-block-media-text__media\"><img loading=\"lazy\" decoding=\"async\" width=\"411\" height=\"578\" src=\"http:\/\/ornamentasacra.kikirpa.be\/wp-content\/uploads\/2020\/03\/X085526mod.jpg\" alt=\"\" class=\"wp-image-442 size-full\"\/><\/figure><div class=\"wp-block-media-text__content\">\n<p class=\"has-medium-font-size\"><strong>L\u2019espace du rituel&nbsp;: la mise en sc\u00e8ne du sacr\u00e9<\/strong><\/p>\n\n\n\n<ul class=\"wp-block-list\"><li><strong><a href=\"http:\/\/ornamentasacra.kikirpa.be\/index.php\/fr\/lespace-du-rituel\/\" data-type=\"page\" data-id=\"701\">Une g\u00e9ographie du sacr\u00e9 dont l\u2019autel\u00a0constitue le \u00ab\u00a0ch\u0153ur\u00a0\u00bb<\/a><\/strong><\/li><li><strong><a href=\"http:\/\/ornamentasacra.kikirpa.be\/index.php\/fr\/lautel-au-moyen-age-une-approche-mysterielle-et-sacralisante\/\" data-type=\"page\" data-id=\"890\">L\u2019autel au Moyen Age\u00a0: une approche myst\u00e9rielle et sacralisante<\/a><\/strong><\/li><li><strong><a href=\"http:\/\/ornamentasacra.kikirpa.be\/index.php\/fr\/lautel-apres-le-concile-de-trente-une-liturgie-du-voir\/\" data-type=\"page\" data-id=\"894\">L\u2019autel apr\u00e8s le Concile de Trente\u00a0: une liturgie du voir<\/a><\/strong><\/li><\/ul>\n\n\n\n<div class=\"wp-block-button\"><a class=\"wp-block-button__link has-background\" href=\"http:\/\/ornamentasacra.kikirpa.be\/index.php\/fr\/lespace-du-rituel\/\" style=\"background-color:#deb543\">En savoir plus&#8230;<\/a><\/div>\n\n\n\n<div style=\"height:100px\" aria-hidden=\"true\" class=\"wp-block-spacer\"><\/div>\n<\/div><\/div>\n\n\n\n<div style=\"height:110px\" aria-hidden=\"true\" class=\"wp-block-spacer\"><\/div>\n\n\n\n<div class=\"wp-block-media-text alignwide is-vertically-aligned-center\" style=\"grid-template-columns:22% auto\"><figure class=\"wp-block-media-text__media\"><img loading=\"lazy\" decoding=\"async\" width=\"606\" height=\"850\" src=\"http:\/\/ornamentasacra.kikirpa.be\/wp-content\/uploads\/2020\/03\/X023692.jpg\" alt=\"\" class=\"wp-image-448 size-full\"\/><\/figure><div class=\"wp-block-media-text__content\">\n<p class=\"has-medium-font-size\"><strong>Des objets codifi\u00e9s et expliqu\u00e9s<\/strong><\/p>\n\n\n\n<ul class=\"wp-block-list\"><li><strong><a href=\"http:\/\/ornamentasacra.kikirpa.be\/index.php\/fr\/des-objets-codifies-et-expliques\/\" data-type=\"page\" data-id=\"704\">La codification du rituel par la litt\u00e9rature<\/a><\/strong><\/li><li><strong><a href=\"http:\/\/ornamentasacra.kikirpa.be\/index.php\/fr\/les-gestes-millimetres-de-lofficiant\/\" data-type=\"page\" data-id=\"961\">Les gestes millim\u00e9tr\u00e9s de l\u2019officiant<\/a><\/strong><\/li><li><strong><a href=\"http:\/\/ornamentasacra.kikirpa.be\/index.php\/fr\/des-livres-pour-comprendre-et-suivre-la-messe-en-direct\/\" data-type=\"page\" data-id=\"966\">Des livres pour comprendre et suivre la messe \u00ab\u00a0en direct\u00a0\u00bb<\/a><\/strong><\/li><\/ul>\n\n\n\n<div class=\"wp-block-button\"><a class=\"wp-block-button__link has-background\" href=\"http:\/\/ornamentasacra.kikirpa.be\/index.php\/fr\/des-objets-codifies-et-expliques\/\" style=\"background-color:#deb543\">En savoir plus&#8230;<\/a><\/div>\n\n\n\n<div style=\"height:100px\" aria-hidden=\"true\" class=\"wp-block-spacer\"><\/div>\n<\/div><\/div>\n\n\n\n<div style=\"height:110px\" aria-hidden=\"true\" class=\"wp-block-spacer\"><\/div>\n\n\n\n<div class=\"wp-block-media-text alignwide is-vertically-aligned-center\" style=\"grid-template-columns:22% auto\"><figure class=\"wp-block-media-text__media\"><img loading=\"lazy\" decoding=\"async\" width=\"1881\" height=\"2643\" src=\"http:\/\/ornamentasacra.kikirpa.be\/wp-content\/uploads\/2020\/03\/x079438_dl2.jpg\" alt=\"\" class=\"wp-image-454 size-full\"\/><\/figure><div class=\"wp-block-media-text__content\">\n<p class=\"has-medium-font-size\"><strong>Le d\u00e9cor des objets liturgiques<\/strong><\/p>\n\n\n\n<ul class=\"wp-block-list\"><li><strong><a href=\"http:\/\/ornamentasacra.kikirpa.be\/index.php\/fr\/le-decor-des-objets-liturgiques\/\" data-type=\"page\" data-id=\"707\">L\u2019iconographie sur les objets<\/a><\/strong><\/li><li><strong><a href=\"http:\/\/ornamentasacra.kikirpa.be\/index.php\/fr\/la-mise-en-scene-des-images\/\" data-type=\"page\" data-id=\"1021\">La mise en sc\u00e8ne des images\u00a0: arcades, niches, m\u00e9daillons et cartouches<\/a><\/strong><\/li><li><strong><a href=\"http:\/\/ornamentasacra.kikirpa.be\/index.php\/fr\/de-limage-a-lornement\/\" data-type=\"page\" data-id=\"1032\">De l\u2019image \u00e0 l\u2019ornement<\/a><\/strong><\/li><li><strong><a href=\"http:\/\/ornamentasacra.kikirpa.be\/index.php\/fr\/reflets-du-gout-et-de-la-mode\/\" data-type=\"page\" data-id=\"1061\">Reflets du go\u00fbt et de la mode<\/a><\/strong>\u00a0<\/li><\/ul>\n\n\n\n<div class=\"wp-block-button\"><a class=\"wp-block-button__link has-background\" href=\"http:\/\/ornamentasacra.kikirpa.be\/index.php\/fr\/le-decor-des-objets-liturgiques\/\" style=\"background-color:#deb543\">En savoir plus&#8230;<\/a><\/div>\n\n\n\n<div style=\"height:100px\" aria-hidden=\"true\" class=\"wp-block-spacer\"><\/div>\n<\/div><\/div>\n\n\n\n<div style=\"height:110px\" aria-hidden=\"true\" class=\"wp-block-spacer\"><\/div>\n\n\n\n<div class=\"wp-block-media-text alignwide is-vertically-aligned-center\" style=\"grid-template-columns:22% auto\"><figure class=\"wp-block-media-text__media\"><img loading=\"lazy\" decoding=\"async\" width=\"633\" height=\"890\" src=\"http:\/\/ornamentasacra.kikirpa.be\/wp-content\/uploads\/2020\/03\/caputgorgoneum.jpg\" alt=\"\" class=\"wp-image-451 size-full\"\/><\/figure><div class=\"wp-block-media-text__content\">\n<p class=\"has-medium-font-size\"><strong>Un syst\u00e8me d\u2019objets<\/strong><\/p>\n\n\n\n<ul class=\"wp-block-list\"><li><a href=\"http:\/\/ornamentasacra.kikirpa.be\/index.php\/fr\/un-systeme-dobjets\/\" data-type=\"page\" data-id=\"709\"><strong>L\u2019unit\u00e9 des ensembles liturgiques<\/strong><\/a><\/li><li><strong><a href=\"http:\/\/ornamentasacra.kikirpa.be\/index.php\/fr\/objets-exaltes-ou-profanes-mise-en-scene-ou-destruction\/\" data-type=\"page\" data-id=\"1071\">Objets exalt\u00e9s ou profan\u00e9s\u00a0: mise en sc\u00e8ne ou destruction<\/a><\/strong><\/li><\/ul>\n\n\n\n<div class=\"wp-block-button\"><a class=\"wp-block-button__link has-background\" href=\"http:\/\/ornamentasacra.kikirpa.be\/index.php\/fr\/un-systeme-dobjets\/\" style=\"background-color:#deb543\">En savoir plus&#8230;<\/a><\/div>\n\n\n\n<div style=\"height:100px\" aria-hidden=\"true\" class=\"wp-block-spacer\"><\/div>\n<\/div><\/div>\n\n\n\n<div style=\"height:110px\" aria-hidden=\"true\" class=\"wp-block-spacer\"><\/div>\n\n\n\n<div class=\"wp-block-media-text alignwide is-vertically-aligned-center\" style=\"grid-template-columns:25% auto\"><figure class=\"wp-block-media-text__media\"><img loading=\"lazy\" decoding=\"async\" width=\"850\" height=\"674\" src=\"http:\/\/ornamentasacra.kikirpa.be\/wp-content\/uploads\/2020\/11\/A050687.jpg\" alt=\"\" class=\"wp-image-718 size-full\"\/><\/figure><div class=\"wp-block-media-text__content\">\n<p class=\"has-medium-font-size\"><strong>La vie des objets liturgiques<\/strong><\/p>\n\n\n\n<ul class=\"wp-block-list\"><li><strong><a href=\"http:\/\/ornamentasacra.kikirpa.be\/index.php\/fr\/la-vie-des-objets-liturgiques\/\" data-type=\"page\" data-id=\"712\">Objets de pi\u00e9t\u00e9<\/a><\/strong><\/li><li><strong><a href=\"http:\/\/ornamentasacra.kikirpa.be\/index.php\/fr\/objets-benits-objets-sacres\/\" data-type=\"page\" data-id=\"1075\">Objets b\u00e9nits, objets sacr\u00e9s<\/a><\/strong><\/li><li><strong><a href=\"http:\/\/ornamentasacra.kikirpa.be\/index.php\/fr\/objets-transformes-et-bricoles\/\" data-type=\"page\" data-id=\"1079\">Objets transform\u00e9s et bricol\u00e9s<\/a><\/strong><\/li><\/ul>\n\n\n\n<div class=\"wp-block-button\"><a class=\"wp-block-button__link has-background\" href=\"http:\/\/ornamentasacra.kikirpa.be\/index.php\/fr\/la-vie-des-objets-liturgiques\/\" style=\"background-color:#deb543\">En savoir plus&#8230;<\/a><\/div>\n\n\n\n<div style=\"height:100px\" aria-hidden=\"true\" class=\"wp-block-spacer\"><\/div>\n<\/div><\/div>\n\n\n\n<div style=\"height:110px\" aria-hidden=\"true\" class=\"wp-block-spacer\"><\/div>\n<\/div><\/div>\n\n\n\n<p><\/p>\n","protected":false},"excerpt":{"rendered":"<p>Tous les objets liturgiques avaient pour mission de servir le culte. C\u2019est dans ce cadre rituel qu\u2019ils ont \u00e9t\u00e9 cr\u00e9\u00e9s, utilis\u00e9s et qu\u2019ils sont parvenus jusqu\u2019\u00e0 nous, qu\u2019ils y aient \u00e9t\u00e9 sacralis\u00e9s ou profan\u00e9s, exhib\u00e9s ou cach\u00e9s, restaur\u00e9s ou modifi\u00e9s. Comprendre les objets liturgiques suppose donc de les ancrer dans le contexte rituel au sein [&hellip;]<\/p>\n","protected":false},"author":1,"featured_media":0,"parent":0,"menu_order":0,"comment_status":"closed","ping_status":"closed","template":"","meta":{"footnotes":""},"class_list":["post-161","page","type-page","status-publish","hentry"],"_links":{"self":[{"href":"https:\/\/ornamentasacra.kikirpa.be\/index.php?rest_route=\/wp\/v2\/pages\/161","targetHints":{"allow":["GET"]}}],"collection":[{"href":"https:\/\/ornamentasacra.kikirpa.be\/index.php?rest_route=\/wp\/v2\/pages"}],"about":[{"href":"https:\/\/ornamentasacra.kikirpa.be\/index.php?rest_route=\/wp\/v2\/types\/page"}],"author":[{"embeddable":true,"href":"https:\/\/ornamentasacra.kikirpa.be\/index.php?rest_route=\/wp\/v2\/users\/1"}],"replies":[{"embeddable":true,"href":"https:\/\/ornamentasacra.kikirpa.be\/index.php?rest_route=%2Fwp%2Fv2%2Fcomments&post=161"}],"version-history":[{"count":39,"href":"https:\/\/ornamentasacra.kikirpa.be\/index.php?rest_route=\/wp\/v2\/pages\/161\/revisions"}],"predecessor-version":[{"id":1579,"href":"https:\/\/ornamentasacra.kikirpa.be\/index.php?rest_route=\/wp\/v2\/pages\/161\/revisions\/1579"}],"wp:attachment":[{"href":"https:\/\/ornamentasacra.kikirpa.be\/index.php?rest_route=%2Fwp%2Fv2%2Fmedia&parent=161"}],"curies":[{"name":"wp","href":"https:\/\/api.w.org\/{rel}","templated":true}]}}